{"id":475,"date":"2017-04-19T17:19:58","date_gmt":"2017-04-19T17:19:58","guid":{"rendered":"http:\/\/besmacargo.com\/es-ca\/?page_id=475"},"modified":"2020-04-27T19:32:06","modified_gmt":"2020-04-27T17:32:06","slug":"empresa","status":"publish","type":"page","link":"http:\/\/besmacargo.com\/es-ca\/empresa\/","title":{"rendered":"Empresa"},"content":{"rendered":"<p>[et_pb_section admin_label=\u00bbSecci\u00f3n\u00bb transparent_background=\u00bboff\u00bb allow_player_pause=\u00bboff\u00bb inner_shadow=\u00bboff\u00bb parallax=\u00bboff\u00bb parallax_method=\u00bbon\u00bb padding_mobile=\u00bboff\u00bb make_fullwidth=\u00bboff\u00bb use_custom_width=\u00bboff\u00bb width_unit=\u00bboff\u00bb custom_width_px=\u00bb1080px\u00bb custom_width_percent=\u00bb80%\u00bb make_equal=\u00bboff\u00bb use_custom_gutter=\u00bboff\u00bb fullwidth=\u00bbon\u00bb specialty=\u00bboff\u00bb disabled=\u00bboff\u00bb][et_pb_fullwidth_header admin_label=\u00bbT\u00edtulo de anchura completa\u00bb title=\u00bbSobre la nostra empresa\u00bb subhead=\u00bbLog\u00edstica en comer\u00e7 exterior \u00bb background_layout=\u00bbdark\u00bb text_orientation=\u00bbright\u00bb header_fullscreen=\u00bboff\u00bb header_scroll_down=\u00bboff\u00bb background_url=\u00bbhttp:\/\/besmacargo.com\/es-ca\/wp-content\/uploads\/en-besma.jpg\u00bb parallax=\u00bboff\u00bb parallax_method=\u00bboff\u00bb content_orientation=\u00bbcenter\u00bb image_orientation=\u00bbcenter\u00bb custom_button_one=\u00bboff\u00bb button_one_letter_spacing=\u00bb0&#8243; button_one_use_icon=\u00bbdefault\u00bb button_one_icon_placement=\u00bbright\u00bb button_one_on_hover=\u00bbon\u00bb button_one_letter_spacing_hover=\u00bb0&#8243; custom_button_two=\u00bboff\u00bb button_two_letter_spacing=\u00bb0&#8243; button_two_use_icon=\u00bbdefault\u00bb button_two_icon_placement=\u00bbright\u00bb button_two_on_hover=\u00bbon\u00bb button_two_letter_spacing_hover=\u00bb0&#8243; title_font=\u00bb|on|||\u00bb subhead_font_size=\u00bb22px\u00bb background_overlay_color=\u00bbrgba(1,78,130,0.54)\u00bb subhead_font_color=\u00bb#f2ff00&#8243; subhead_font=\u00bb|on|||\u00bb] [\/et_pb_fullwidth_header][\/et_pb_section][et_pb_section admin_label=\u00bbsection\u00bb][et_pb_row admin_label=\u00bbFila\u00bb][et_pb_column type=\u00bb4_4&#8243;][et_pb_text admin_label=\u00bbT\u00edtulo\u00bb background_layout=\u00bblight\u00bb text_orientation=\u00bbcenter\u00bb use_border_color=\u00bboff\u00bb border_color=\u00bb#ffffff\u00bb border_style=\u00bbsolid\u00bb]<\/p>\n<h1>Qu\u00e8 li oferim?<\/h1>\n<h2>Facilitem la log\u00edstica en comer\u00e7 exterior<\/h2>\n<p>[\/et_pb_text][\/et_pb_column][\/et_pb_row][et_pb_row admin_label=\u00bbFila\u00bb][et_pb_column type=\u00bb1_3&#8243;][et_pb_blurb admin_label=\u00bb10 a\u00f1os de experiencia en log\u00edstica\u00bb url_new_window=\u00bboff\u00bb use_icon=\u00bbon\u00bb font_icon=\u00bb%%277%%\u00bb icon_color=\u00bb#faff00&#8243; use_circle=\u00bbon\u00bb circle_color=\u00bb#006d01&#8243; use_circle_border=\u00bboff\u00bb circle_border_color=\u00bb#7EBEC5&#8243; icon_placement=\u00bbtop\u00bb animation=\u00bboff\u00bb background_layout=\u00bblight\u00bb text_orientation=\u00bbcenter\u00bb use_icon_font_size=\u00bbon\u00bb use_border_color=\u00bboff\u00bb border_color=\u00bb#ffffff\u00bb border_style=\u00bbsolid\u00bb icon_font_size=\u00bb40px\u00bb]<\/p>\n<h3>10 anys<strong> d\u2019experi\u00e8ncia<\/strong><\/h3>\n<p>Som una empresa espanyola amb seu a Barcelona y formem part d\u2019un grup <strong>dedicat des de fa m\u00e9s de 10 anys a la log\u00edstica i les diferents operacions de comer\u00e7 exterior.<\/strong>\u00a0Com a transitaris i agent de duanes a Espanya, els diferents convenis amb companyies de transport mar\u00edtim, aeri i terrestre i oficines a desenes de pa\u00efsos, ens proporcionen una pres\u00e8ncia mundial.<\/p>\n<p>[\/et_pb_blurb][\/et_pb_column][et_pb_column type=\u00bb1_3&#8243;][et_pb_blurb admin_label=\u00bbAmplia cobertura\u00bb url_new_window=\u00bboff\u00bb use_icon=\u00bbon\u00bb font_icon=\u00bb%%289%%\u00bb icon_color=\u00bb#faff00&#8243; use_circle=\u00bbon\u00bb circle_color=\u00bb#006d01&#8243; use_circle_border=\u00bboff\u00bb circle_border_color=\u00bb#7EBEC5&#8243; icon_placement=\u00bbtop\u00bb animation=\u00bboff\u00bb background_layout=\u00bblight\u00bb text_orientation=\u00bbcenter\u00bb use_icon_font_size=\u00bbon\u00bb use_border_color=\u00bboff\u00bb border_color=\u00bb#ffffff\u00bb border_style=\u00bbsolid\u00bb icon_font_size=\u00bb40&#8243;]<\/p>\n<h3>\u00c0mplia cobertura<\/h3>\n<p>La nostra seu est\u00e0 ubicada a Barcelona i disposem de\u00a0pres\u00e8ncia addicional a les ciutats de Bilbao, Madrid i Val\u00e8ncia, que sumades a una extensa xarxa de convenis, ens permet tenir pres\u00e8ncia i cobertura a tot el pa\u00eds.<\/p>\n<p>[\/et_pb_blurb][\/et_pb_column][et_pb_column type=\u00bb1_3&#8243;][et_pb_blurb admin_label=\u00bbGarant\u00eda en nuestro servicio\u00bb url_new_window=\u00bboff\u00bb use_icon=\u00bbon\u00bb font_icon=\u00bb%%171%%\u00bb icon_color=\u00bb#faff00&#8243; use_circle=\u00bbon\u00bb circle_color=\u00bb#006d01&#8243; use_circle_border=\u00bboff\u00bb circle_border_color=\u00bb#7EBEC5&#8243; icon_placement=\u00bbtop\u00bb animation=\u00bboff\u00bb background_layout=\u00bblight\u00bb text_orientation=\u00bbcenter\u00bb use_icon_font_size=\u00bbon\u00bb use_border_color=\u00bboff\u00bb border_color=\u00bb#ffffff\u00bb border_style=\u00bbsolid\u00bb icon_font_size=\u00bb40&#8243;]<\/p>\n<h3><strong>Garantia<\/strong> als nostres serveis<\/h3>\n<p>La nostra experi\u00e8ncia i \u00e8tica professional ens permet garantir als nostres clients i amics un servei d\u2019excel\u00b7l\u00e8ncia en qualsevol<strong> operaci\u00f3 log\u00edstica als 5 continents<\/strong>.<\/p>\n<p>[\/et_pb_blurb][\/et_pb_column][\/et_pb_row][\/et_pb_section][et_pb_section admin_label=\u00bbSecci\u00f3n\u00bb fullwidth=\u00bbon\u00bb specialty=\u00bboff\u00bb][et_pb_fullwidth_header admin_label=\u00bbT\u00edtulo de anchura completa\u00bb title=\u00bbSobre Besma\u00bb subhead=\u00bbCompromesos amb els teus objectius comercials.\u00bb background_layout=\u00bbdark\u00bb text_orientation=\u00bbcenter\u00bb header_fullscreen=\u00bboff\u00bb header_scroll_down=\u00bbon\u00bb background_url=\u00bbhttp:\/\/besmacargo.com\/es-ca\/wp-content\/uploads\/encabezado-empresa-besma.png\u00bb background_overlay_color=\u00bbrgba(41,91,6,0.72)\u00bb parallax=\u00bboff\u00bb parallax_method=\u00bboff\u00bb content_orientation=\u00bbcenter\u00bb image_orientation=\u00bbcenter\u00bb custom_button_one=\u00bboff\u00bb button_one_letter_spacing=\u00bb0&#8243; button_one_use_icon=\u00bbdefault\u00bb button_one_icon_placement=\u00bbright\u00bb button_one_on_hover=\u00bbon\u00bb button_one_letter_spacing_hover=\u00bb0&#8243; custom_button_two=\u00bboff\u00bb button_two_letter_spacing=\u00bb0&#8243; button_two_use_icon=\u00bbdefault\u00bb button_two_icon_placement=\u00bbright\u00bb button_two_on_hover=\u00bbon\u00bb button_two_letter_spacing_hover=\u00bb0&#8243; title_font=\u00bb|on|||\u00bb title_font_size=\u00bb35px\u00bb subhead_font_size=\u00bb22px\u00bb] [\/et_pb_fullwidth_header][\/et_pb_section][et_pb_section admin_label=\u00bbSecci\u00f3n\u00bb fullwidth=\u00bboff\u00bb specialty=\u00bboff\u00bb transparent_background=\u00bboff\u00bb background_color=\u00bb#f2f2f2&#8243; allow_player_pause=\u00bboff\u00bb inner_shadow=\u00bboff\u00bb parallax=\u00bboff\u00bb parallax_method=\u00bboff\u00bb padding_mobile=\u00bboff\u00bb make_fullwidth=\u00bboff\u00bb use_custom_width=\u00bboff\u00bb width_unit=\u00bbon\u00bb make_equal=\u00bboff\u00bb use_custom_gutter=\u00bboff\u00bb][et_pb_row admin_label=\u00bbFila\u00bb][et_pb_column type=\u00bb1_3&#8243;][et_pb_blurb admin_label=\u00bbMisi\u00f3n\u00bb url_new_window=\u00bboff\u00bb use_icon=\u00bbon\u00bb icon_color=\u00bb#006600&#8243; use_circle=\u00bboff\u00bb circle_color=\u00bb#7EBEC5&#8243; use_circle_border=\u00bboff\u00bb circle_border_color=\u00bb#7EBEC5&#8243; icon_placement=\u00bbleft\u00bb animation=\u00bboff\u00bb background_layout=\u00bblight\u00bb text_orientation=\u00bbleft\u00bb use_icon_font_size=\u00bboff\u00bb use_border_color=\u00bboff\u00bb border_color=\u00bb#ffffff\u00bb border_style=\u00bbsolid\u00bb font_icon=\u00bb%%286%%\u00bb]<\/p>\n<h2><strong>Missi\u00f3<\/strong><\/h2>\n<ul>\n<li>Ser la plataforma de referencia per a tots els nostres clients, proporcionant un servei de qualitat, amb dedicaci\u00f3 profesional\u00a0a cadascun dels passos de la cadena log\u00edstica.<\/li>\n<li>Ser el vincle entre els seus negocis i la maximitzaci\u00f3 dels recursos en les diferents operacions de transport i comer\u00e7 exterior.<\/li>\n<\/ul>\n<p>[\/et_pb_blurb][\/et_pb_column][et_pb_column type=\u00bb1_3&#8243;][et_pb_blurb admin_label=\u00bbVisi\u00f3n\u00bb url_new_window=\u00bboff\u00bb use_icon=\u00bbon\u00bb icon_color=\u00bb#006600&#8243; use_circle=\u00bboff\u00bb circle_color=\u00bb#7EBEC5&#8243; use_circle_border=\u00bboff\u00bb circle_border_color=\u00bb#7EBEC5&#8243; icon_placement=\u00bbleft\u00bb animation=\u00bboff\u00bb background_layout=\u00bblight\u00bb text_orientation=\u00bbleft\u00bb use_icon_font_size=\u00bboff\u00bb use_border_color=\u00bboff\u00bb border_color=\u00bb#ffffff\u00bb border_style=\u00bbsolid\u00bb font_icon=\u00bb%%234%%\u00bb]<\/p>\n<h2><strong>Visi\u00f3<\/strong><\/h2>\n<ul>\n<li>Ser una empresa l\u00edder en la provisi\u00f3 de serveis de log\u00edstica per a les diverses industries, des de les petites fins les grans multinacionals.<\/li>\n<li>Ser reconeguts pels nostres valors institucionals, la nostra \u00e8tica professional i la millora continua en cadascun dels serveis oferits durant el moviment de les seves c\u00e0rregues a qualsevol part del m\u00f3n.<\/li>\n<\/ul>\n<p>[\/et_pb_blurb][\/et_pb_column][et_pb_column type=\u00bb1_3&#8243;][et_pb_blurb admin_label=\u00bbValores\u00bb url_new_window=\u00bboff\u00bb use_icon=\u00bbon\u00bb icon_color=\u00bb#006600&#8243; use_circle=\u00bboff\u00bb circle_color=\u00bb#7EBEC5&#8243; use_circle_border=\u00bboff\u00bb circle_border_color=\u00bb#7EBEC5&#8243; icon_placement=\u00bbleft\u00bb animation=\u00bboff\u00bb background_layout=\u00bblight\u00bb text_orientation=\u00bbleft\u00bb use_icon_font_size=\u00bboff\u00bb use_border_color=\u00bboff\u00bb border_color=\u00bb#ffffff\u00bb border_style=\u00bbsolid\u00bb font_icon=\u00bb%%277%%\u00bb]<\/p>\n<h2><strong>Valors<\/strong><\/h2>\n<ul>\n<li>\u00c8tica professional<\/li>\n<li>Responsabilitat<\/li>\n<li>Comunicaci\u00f3 constant<\/li>\n<li>Qualitat als nostres serveis<\/li>\n<li>Millora cont\u00ednua<\/li>\n<li>Innovaci\u00f3<\/li>\n<li>Confiabilitat<\/li>\n<li>Honestedat<\/li>\n<li>Servei al client<\/li>\n<li>Respecte als valors morals, \u00e8tics i legals<\/li>\n<li>Treball en equip<\/li>\n<li>Comprom\u00eds amb els nostres clients<\/li>\n<li>Comprom\u00eds amb els nostres recursos humans<\/li>\n<\/ul>\n<p>[\/et_pb_blurb][\/et_pb_column][\/et_pb_row][\/et_pb_section][et_pb_section admin_label=\u00bbSecci\u00f3n\u00bb transparent_background=\u00bboff\u00bb allow_player_pause=\u00bboff\u00bb inner_shadow=\u00bboff\u00bb parallax=\u00bboff\u00bb parallax_method=\u00bbon\u00bb padding_mobile=\u00bboff\u00bb make_fullwidth=\u00bboff\u00bb use_custom_width=\u00bboff\u00bb width_unit=\u00bboff\u00bb custom_width_px=\u00bb1080px\u00bb custom_width_percent=\u00bb80%\u00bb make_equal=\u00bboff\u00bb use_custom_gutter=\u00bboff\u00bb fullwidth=\u00bbon\u00bb specialty=\u00bboff\u00bb disabled=\u00bboff\u00bb][et_pb_fullwidth_header admin_label=\u00bbT\u00edtulo de anchura completa\u00bb title=\u00bbExperts en log\u00edstica i comer\u00e7 exterior\u00bb background_layout=\u00bbdark\u00bb text_orientation=\u00bbcenter\u00bb header_fullscreen=\u00bboff\u00bb header_scroll_down=\u00bboff\u00bb title_font_color=\u00bb#faff00&#8243; button_one_text=\u00bbContacteu-nos \u00bb button_one_url=\u00bbhttp:\/\/besmacargo.com\/es-ca\/contacte\/\u00bb background_url=\u00bbhttp:\/\/besmacargo.com\/es-ca\/wp-content\/uploads\/besma-contactanos-3-2.jpg\u00bb background_overlay_color=\u00bbrgba(0,0,0,0.52)\u00bb parallax=\u00bbon\u00bb parallax_method=\u00bboff\u00bb content_orientation=\u00bbcenter\u00bb image_orientation=\u00bbcenter\u00bb title_font=\u00bb|on|on||\u00bb title_font_size=\u00bb35px\u00bb subhead_font=\u00bb|on|on||\u00bb subhead_font_size=\u00bb24px\u00bb custom_button_one=\u00bbon\u00bb button_one_text_color=\u00bb#1d4c00&#8243; button_one_bg_color=\u00bb#edf000&#8243; button_one_border_width=\u00bb1px\u00bb button_one_border_color=\u00bb#edf000&#8243; button_one_border_radius=\u00bb7px\u00bb button_one_letter_spacing=\u00bb0&#8243; button_one_font=\u00bb|on|||\u00bb button_one_use_icon=\u00bbon\u00bb button_one_icon=\u00bb9&#8243; button_one_icon_placement=\u00bbright\u00bb button_one_on_hover=\u00bboff\u00bb button_one_letter_spacing_hover=\u00bb0&#8243; custom_button_two=\u00bboff\u00bb button_two_letter_spacing=\u00bb0&#8243; button_two_use_icon=\u00bbdefault\u00bb button_two_icon_placement=\u00bbright\u00bb button_two_on_hover=\u00bbon\u00bb button_two_letter_spacing_hover=\u00bb0&#8243; disabled=\u00bboff\u00bb] [\/et_pb_fullwidth_header][\/et_pb_section]<\/p>\n","protected":false},"excerpt":{"rendered":"<p>Qu\u00e8 li oferim? Facilitem la log\u00edstica en comer\u00e7 exterior 10 anys d\u2019experi\u00e8ncia Som una empresa espanyola amb seu a Barcelona y formem part d\u2019un grup dedicat des de fa m\u00e9s de 10 anys a la log\u00edstica i les diferents operacions de comer\u00e7 exterior.\u00a0Com a transitaris i agent de duanes a Espanya, els diferents convenis amb [&hellip;]<\/p>\n","protected":false},"author":2,"featured_media":0,"parent":0,"menu_order":0,"comment_status":"closed","ping_status":"closed","template":"","meta":{"_et_pb_use_builder":"on","_et_pb_old_content":"","_et_gb_content_width":"","footnotes":""},"class_list":["post-475","page","type-page","status-publish","hentry"],"aioseo_notices":[],"_links":{"self":[{"href":"http:\/\/besmacargo.com\/es-ca\/wp-json\/wp\/v2\/pages\/475","targetHints":{"allow":["GET"]}}],"collection":[{"href":"http:\/\/besmacargo.com\/es-ca\/wp-json\/wp\/v2\/pages"}],"about":[{"href":"http:\/\/besmacargo.com\/es-ca\/wp-json\/wp\/v2\/types\/page"}],"author":[{"embeddable":true,"href":"http:\/\/besmacargo.com\/es-ca\/wp-json\/wp\/v2\/users\/2"}],"replies":[{"embeddable":true,"href":"http:\/\/besmacargo.com\/es-ca\/wp-json\/wp\/v2\/comments?post=475"}],"version-history":[{"count":7,"href":"http:\/\/besmacargo.com\/es-ca\/wp-json\/wp\/v2\/pages\/475\/revisions"}],"predecessor-version":[{"id":566,"href":"http:\/\/besmacargo.com\/es-ca\/wp-json\/wp\/v2\/pages\/475\/revisions\/566"}],"wp:attachment":[{"href":"http:\/\/besmacargo.com\/es-ca\/wp-json\/wp\/v2\/media?parent=475"}],"curies":[{"name":"wp","href":"https:\/\/api.w.org\/{rel}","templated":true}]}}