{"id":395,"date":"2017-02-02T19:00:12","date_gmt":"2017-02-02T19:00:12","guid":{"rendered":"http:\/\/besmacargo.com\/es-es\/?page_id=395"},"modified":"2018-05-28T09:21:46","modified_gmt":"2018-05-28T09:21:46","slug":"aviso-de-privacidad","status":"publish","type":"page","link":"http:\/\/besmacargo.com\/es-es\/aviso-de-privacidad\/","title":{"rendered":"Aviso de privacidad"},"content":{"rendered":"<p>[et_pb_section fb_built=\u00bb1&#8243; fullwidth=\u00bbon\u00bb custom_padding_last_edited=\u00bbon|desktop\u00bb _builder_version=\u00bb3.0.47&#8243; custom_padding_tablet=\u00bb50px|0|50px|0&#8243; transparent_background=\u00bboff\u00bb padding_mobile=\u00bboff\u00bb][et_pb_fullwidth_header title=\u00bbConsulta\u00bb subhead=\u00bbAviso de privacidad\u00bb background_layout=\u00bbdark\u00bb text_orientation=\u00bbright\u00bb background_overlay_color=\u00bbrgba(1,78,130,0.54)\u00bb subhead_font_color=\u00bb#f2ff00&#8243; _builder_version=\u00bb3.0.47&#8243; title_font=\u00bb|on|||\u00bb subhead_font=\u00bb|on|||\u00bb subhead_font_size=\u00bb22px\u00bb subhead_text_color=\u00bb#f2ff00&#8243; background_image=\u00bbhttp:\/\/besmacargo.com\/es-es\/wp-content\/uploads\/en-besma.jpg\u00bb background_url=\u00bbhttp:\/\/besmacargo.com\/es-es\/wp-content\/uploads\/en-besma.jpg\u00bb][\/et_pb_fullwidth_header][\/et_pb_section][et_pb_section fb_built=\u00bb1&#8243; admin_label=\u00bbsection\u00bb _builder_version=\u00bb3.0.47&#8243;][et_pb_row admin_label=\u00bbrow\u00bb _builder_version=\u00bb3.0.47&#8243; background_size=\u00bbinitial\u00bb background_position=\u00bbtop_left\u00bb background_repeat=\u00bbrepeat\u00bb][et_pb_column type=\u00bb4_4&#8243; _builder_version=\u00bb3.0.47&#8243; parallax=\u00bboff\u00bb parallax_method=\u00bbon\u00bb][et_pb_text admin_label=\u00bbAviso de privacidad\u00bb _builder_version=\u00bb3.0.105&#8243; background_size=\u00bbinitial\u00bb background_position=\u00bbtop_left\u00bb background_repeat=\u00bbrepeat\u00bb text_orientation=\u00bbjustified\u00bb use_border_color=\u00bboff\u00bb]<\/p>\n<h1><strong>Pol\u00edtica de privacidad.<\/strong><\/h1>\n<p>BESMA CARGO EUROPE (SPAIN), S.L. ha adecuado esta web a las exigencias de la Ley Org\u00e1nica 15\/1999, de 13 de diciembre, de Protecci\u00f3n de Datos de Car\u00e1cter Personal (LOPD), y al Real Decreto 1720\/2007, de 21 de diciembre, conocido como el Reglamento de desarrollo de la LOPD. Cumple tambi\u00e9n con el Reglamento (UE) 2016\/679 del Parlamento Europeo y del Consejo de 27 de abril de 2016 relativo a la protecci\u00f3n de las personas f\u00edsicas (RGPD), as\u00ed como con la Ley 34\/2002, de 11 de julio, de Servicios de la Sociedad de la Informaci\u00f3n y Comercio Electr\u00f3nico (LSSICE o LSSI).<\/p>\n<h4><\/h4>\n<p>&nbsp;<\/p>\n<h4><\/h4>\n<h2>I. RESPONSABLE DEL TRATAMIENTO.<\/h2>\n<h3><\/h3>\n<h3>\u00bfQui\u00e9n es el responsable de sus datos?<\/h3>\n<p><strong>Titular: \u00a0\u00a0\u00a0\u00a0\u00a0\u00a0\u00a0\u00a0\u00a0\u00a0\u00a0\u00a0\u00a0\u00a0\u00a0\u00a0\u00a0\u00a0\u00a0\u00a0\u00a0\u00a0\u00a0\u00a0\u00a0\u00a0\u00a0\u00a0\u00a0 <\/strong>BESMA CARGO EUROPE SPAIN, S.L.\u00a0 (en adelante \u201cBESMA\u201d)<\/p>\n<p><strong>CIF:<\/strong> \u00a0\u00a0\u00a0\u00a0\u00a0\u00a0\u00a0\u00a0\u00a0\u00a0\u00a0\u00a0\u00a0\u00a0\u00a0\u00a0\u00a0\u00a0\u00a0\u00a0\u00a0\u00a0\u00a0\u00a0\u00a0\u00a0\u00a0\u00a0\u00a0\u00a0\u00a0\u00a0\u00a0\u00a0\u00a0\u00a0 ES-B66780776<\/p>\n<p><strong>Domicilio social: \u00a0\u00a0\u00a0\u00a0\u00a0\u00a0\u00a0\u00a0\u00a0\u00a0\u00a0\u00a0 <\/strong>Av. Alps n\u00ba 48, 08940 Cornell\u00e0 de Llobregat (Barcelona)<\/p>\n<p><strong>Registro P\u00fablico: \u00a0\u00a0\u00a0\u00a0\u00a0\u00a0\u00a0\u00a0\u00a0\u00a0\u00a0 <\/strong>Inscrita en el Registro Mercantil de Barcelona, Tomo 45383, Libro 0, Folio 23,<\/p>\n<p>Secci\u00f3n General, Hoja B-486015, Inscripci\u00f3n 1.<\/p>\n<p><strong>Tel\u00e9fono de contacto: \u00a0 <\/strong>+34 930 180 635<\/p>\n<h4><\/h4>\n<p>&nbsp;<\/p>\n<h2>II. FINALIDAD DEL TRATAMIENTO DE LOS DATOS Y CATEGOR\u00cdA DE DATOS TRATADOS.<\/h2>\n<h4><\/h4>\n<h3>\u00bfQu\u00e9 categor\u00edas de datos tratamos?<\/h3>\n<ul>\n<li>Datos identificativos: nombre, apellidos, raz\u00f3n social, direcci\u00f3n postal, social y\/o fiscal, direcci\u00f3n de correo electr\u00f3nico, c\u00f3digo postal, tel\u00e9fono, CIF, NIF.<\/li>\n<li>Datos acad\u00e9micos y profesionales: formaci\u00f3n\/titulaciones, historial de estudiante, experiencia profesional, pertenencia a colegios o asociaciones profesionales, en el caso de los procesos de selecci\u00f3n.<\/li>\n<li>Datos econ\u00f3micos, o financieros, bancarios.<\/li>\n<\/ul>\n<p>Los datos personales solicitados son obligatorios, de tal forma que la negativa a suministrarlos supondr\u00e1 la imposibilidad de llevar a cabo la prestaci\u00f3n de los servicios contratados.<\/p>\n<p>En caso de que el usuario facilite datos de terceros, manifiesta contar con el consentimiento de los mismos y se compromete a trasladarle la informaci\u00f3n contenida en esta cl\u00e1usula, eximiendo a BESMA de cualquier responsabilidad en este sentido. BESMA podr\u00e1 llevar a cabo las verificaciones para constatar este hecho, adoptando las medidas de diligencia debida que correspondan, conforme a la normativa de protecci\u00f3n de datos.<\/p>\n<p>En el formulario de contacto, que encontramos en la p\u00e1gina web de BESMA, aparecen datos marcados con un asterisco (*), que ser\u00e1n necesarios para cumplir con la finalidad informativa, contractual o legal establecida.<\/p>\n<p>Por\u00a0 lo tanto, si el usuario no los facilitase, no ser\u00e1 posible su registro en la Plataforma ni atender su solicitud.<\/p>\n<h4><\/h4>\n<h3>\u00bfCon qu\u00e9 finalidad y durante cu\u00e1nto tiempo trataremos sus datos personales?<\/h3>\n<p>BESMA, tratar\u00e1 los datos del usuario, de manera manual y\/o automatizada, para las siguientes finalidades espec\u00edficas:<\/p>\n<ul>\n<li>Gestionar la contrataci\u00f3n de productos y\/o servicios que realice mediante cualquier medio de contacto.<\/li>\n<li>Remitir peri\u00f3dicamente (a trav\u00e9s de correo electr\u00f3nico, v\u00eda postal y\/o SMS) comunicaciones electr\u00f3nicas con ofertas, promociones y noticias relacionadas con nuestros servicios, salvo que se indique lo contrario o el usuario se oponga o revoque su consentimiento.<\/li>\n<li>Remitir peri\u00f3dicamente informaci\u00f3n comercial y\/o promocional relacionada con el sector de los productos y servicios contratados y de valor a\u00f1adido para los usuarios finales, salvo que se indique lo contrario o el usuario se oponga o revoque su consentimiento.<\/li>\n<li>En el caso de que nos remita su cv o se inscriba en las diferentes ofertas de trabajo que podamos publicar, trataremos sus datos con el fin de valorar y gestionar su solicitud de empleo y en su caso, llevar a cabo las actuaciones necesarias para la selecci\u00f3n y contrataci\u00f3n de personal, a fin de ofertarle puestos que se ajusten a tu perfil. Salvo que se indique lo contrario, la aportaci\u00f3n de los datos requeridos es necesaria, por lo que su no aportaci\u00f3n impedir\u00e1 la continuidad del proceso de selecci\u00f3n.<\/li>\n<li>Dar cumplimiento a las obligaciones legalmente establecidas, as\u00ed como verificar el cumplimiento de las obligaciones contractuales, incluida la prevenci\u00f3n de fraude.<\/li>\n<\/ul>\n<h4><\/h4>\n<h3>\u00bfCu\u00e1nto tiempo guardamos sus datos?<\/h3>\n<p>BESMA conservar\u00e1 los datos personales de los usuarios \u00fanicamente durante el tiempo necesario para la realizaci\u00f3n de las finalidades para las que fueron recogidos, mientras no revoque los consentimientos otorgados. Posteriormente, en caso de ser necesario, podr\u00e1 mantener la informaci\u00f3n bloqueada los plazos legalmente establecidos, en todo caso, el plazo: de 5 a\u00f1os, o el plazo establecido por ley para cualquier acci\u00f3n que pueda devenir del tratamiento.<\/p>\n<p>En el caso de los datos que nos facilite en relaci\u00f3n con las ofertas de empleo en que quiera suscribirse, podr\u00e1n ser conservados durante, 2 a\u00f1os desde la fecha de la \u00faltima actualizaci\u00f3n. Transcurrido dicho periodo, sin que hayan sido actualizados, los datos ser\u00e1n suprimidos, salvo que nos indique lo contrario.<\/p>\n<h4><\/h4>\n<h3>\u00bfQu\u00e9 medidas de seguridad implantamos para cuidar sus datos?<\/h3>\n<p>BESMA para proteger las diferentes tipolog\u00edas de datos reflejados en esta pol\u00edtica de privacidad llevar\u00e1 a cabo las medidas de seguridad t\u00e9cnicas necesarias para evitar su p\u00e9rdida, manipulaci\u00f3n, difusi\u00f3n o alteraci\u00f3n.<\/p>\n<h4><\/h4>\n<p>&nbsp;<\/p>\n<h4><\/h4>\n<h2>III. LEGITIMACI\u00d3N.<\/h2>\n<h4><\/h4>\n<h3>\u00bfCu\u00e1l es la legitimaci\u00f3n para el tratamiento de sus datos?<\/h3>\n<p>La legitimaci\u00f3n para el tratamiento de los datos del usuario por parte de BESMA, al momento de que el primero los env\u00ede por el formulario de nuestra p\u00e1gina web, se encuentra en el <strong>consentimiento del interesado<\/strong>, solicitado para el caso concreto.<\/p>\n<p>Por su parte, la gesti\u00f3n de la contrataci\u00f3n de productos o servicios, pago, facturaci\u00f3n y env\u00edos correspondientes, est\u00e1 legitimada por la propia <strong>ejecuci\u00f3n del contrato<\/strong>.<\/p>\n<p>Los consentimientos obtenidos para las finalidades mencionadas son independientes por lo que el usuario podr\u00e1 revocar uno o varios de ellos no afectando a los dem\u00e1s.<\/p>\n<p>Igualmente se podr\u00e1 utilizar la informaci\u00f3n del usuario para el cumplimiento de las diferentes obligaciones legales de BESMA.<\/p>\n<p>En el caso de la inscripci\u00f3n en ofertas de empleo publicadas por BESMA por cualquier medio, sus datos ser\u00e1n tratados sobre la base de su consentimiento, que puede retirar en cualquier momento, si bien ello har\u00eda que su candidatura no pudiera ser tenida en cuenta en nuestros procesos de selecci\u00f3n de personal. No obstante, la retirada de su consentimiento no afectar\u00e1 a la licitud de los tratamientos efectuados con anterioridad.<\/p>\n<h4><\/h4>\n<p>&nbsp;<\/p>\n<h4><\/h4>\n<h2>IV. COMUNICACIONES DE DATOS.<\/h2>\n<h4><\/h4>\n<h3>\u00bfA qu\u00e9 destinatarios se comunicar\u00e1n sus datos?<\/h3>\n<ul>\n<li>Los Bancos y entidades financieras para el cobro de los servicios ofrecidos.<\/li>\n<li>Las Fuerzas y Cuerpos de Seguridad del Estado en virtud de lo establecido en la Ley.<\/li>\n<\/ul>\n<h4><\/h4>\n<p>&nbsp;<\/p>\n<h2><\/h2>\n<h2><\/h2>\n<h2>V. OTROS DATOS QUE TRATAMOS EN BESMA.<\/h2>\n<h4><\/h4>\n<p>Dentro del compromiso de BESMA con la privacidad y protecci\u00f3n de los datos de las personas y empresas, le informamos de otros tratamientos de datos que pueden llevarse a cabo, en el marco de la relaci\u00f3n con los clientes, concretamente, en relaci\u00f3n con los servicios de atenci\u00f3n telef\u00f3nica.<\/p>\n<p>En este sentido, BESMA tratar\u00e1 sus datos con la finalidad de mejorar la calidad de nuestros servicios, as\u00ed como gestionar la solicitud formulada y proporcionarle, en su caso, los servicios que hayan sido requeridos. Si lo desea, puede contactar con nosotros, a trav\u00e9s de los n\u00fameros de tel\u00e9fono habilitados al efecto, la base jur\u00eddica del tratamiento ser\u00e1 la adopci\u00f3n de medidas precontractuales o el desarrollo de la propia relaci\u00f3n contractual, as\u00ed como, en determinados casos su propio consentimiento.<\/p>\n<p>Igualmente le informamos que nuestras oficinas cuentan con un sistema de videovigilancia, cuya funci\u00f3n es garantizar la seguridad de las personas e instalaciones. Le recordamos que la normativa vigente legitima el tratamiento efectuado sobre la base del inter\u00e9s leg\u00edtimo de BESMA en garantizar la seguridad de las instalaciones, por lo que su imagen puede ser grabada con el mero hecho de acceder al edificio.<\/p>\n<p>Estos datos podr\u00e1n ser comunicados a las Fuerzas y cuerpos de Seguridad del Estado en caso de que resulte necesario. Las im\u00e1genes ser\u00e1n custodiadas durante el plazo m\u00e1ximo de un (1) mes desde su captaci\u00f3n.<\/p>\n<h4><\/h4>\n<h4><\/h4>\n<p>&nbsp;<\/p>\n<h2><\/h2>\n<h2>VI. DERECHOS DE LOS USUARIOS.<\/h2>\n<h4><\/h4>\n<h3>\u00bfQu\u00e9 derechos tiene el interesado?<\/h3>\n<p>Puede solicitar v\u00eda postal, a nuestra direcci\u00f3n social y\/o v\u00eda electr\u00f3nica a la direcci\u00f3n de correo electr\u00f3nico <strong>privacidad@besmacargo.com<\/strong>, en cualquier momento y de manera gratuita, los siguientes derechos:<\/p>\n<ul>\n<li>Revocar los consentimientos otorgados.<\/li>\n<li>Obtener confirmaci\u00f3n acerca de si en BESMA se est\u00e1n tratando datos personales que le conciernen o no.<\/li>\n<li>Acceder a sus datos personales.<\/li>\n<li>Rectificar los datos inexactos o incompletos.<\/li>\n<li>Solicitar la supresi\u00f3n de sus datos cuando, entre otros motivos, los datos ya no sean necesarios para los fines que fueron recogidos.<\/li>\n<li>Obtener de BESMA la limitaci\u00f3n del tratamiento de los datos cuando se cumpla alguna de las condiciones previstas en la normativa de protecci\u00f3n de datos.<\/li>\n<li>En determinadas circunstancias y por motivos relacionados con su situaci\u00f3n particular al tratamiento de sus datos, los interesados podr\u00e1n oponerse al tratamiento de sus datos. BESMA dejar\u00e1 de tratar los datos, salvo por motivos leg\u00edtimos imperiosos, o el ejercicio o la defensa de posibles reclamaciones.<\/li>\n<li>Solicitar la portabilidad de sus datos.<\/li>\n<li>Reclamar ante la Agencia Espa\u00f1ola de Protecci\u00f3n de Datos (www.agpd.es) cuando el interesado considere que BESMA ha vulnerado los derechos que le son reconocidos por la normativa aplicable en protecci\u00f3n de datos.<\/li>\n<\/ul>\n<h4><\/h4>\n<h4><\/h4>\n<p>Cualquier modificaci\u00f3n este aviso de privacidad podr\u00e1 consultarla en http:\/\/www.besmacargo.com<\/p>\n<p><strong>\u00daltima actualizaci\u00f3n:<\/strong> 25\/05\/2018.<\/p>\n<p>[\/et_pb_text][\/et_pb_column][\/et_pb_row][\/et_pb_section]<\/p>\n","protected":false},"excerpt":{"rendered":"<p>Pol\u00edtica de privacidad. BESMA CARGO EUROPE (SPAIN), S.L. ha adecuado esta web a las exigencias de la Ley Org\u00e1nica 15\/1999, de 13 de diciembre, de Protecci\u00f3n de Datos de Car\u00e1cter Personal (LOPD), y al Real Decreto 1720\/2007, de 21 de diciembre, conocido como el Reglamento de desarrollo de la LOPD. Cumple tambi\u00e9n con el Reglamento [&hellip;]<\/p>\n","protected":false},"author":2,"featured_media":0,"parent":0,"menu_order":0,"comment_status":"closed","ping_status":"closed","template":"","meta":{"_et_pb_use_builder":"on","_et_pb_old_content":"","_et_gb_content_width":"","footnotes":""},"class_list":["post-395","page","type-page","status-publish","hentry"],"aioseo_notices":[],"_links":{"self":[{"href":"http:\/\/besmacargo.com\/es-es\/wp-json\/wp\/v2\/pages\/395","targetHints":{"allow":["GET"]}}],"collection":[{"href":"http:\/\/besmacargo.com\/es-es\/wp-json\/wp\/v2\/pages"}],"about":[{"href":"http:\/\/besmacargo.com\/es-es\/wp-json\/wp\/v2\/types\/page"}],"author":[{"embeddable":true,"href":"http:\/\/besmacargo.com\/es-es\/wp-json\/wp\/v2\/users\/2"}],"replies":[{"embeddable":true,"href":"http:\/\/besmacargo.com\/es-es\/wp-json\/wp\/v2\/comments?post=395"}],"version-history":[{"count":20,"href":"http:\/\/besmacargo.com\/es-es\/wp-json\/wp\/v2\/pages\/395\/revisions"}],"predecessor-version":[{"id":628,"href":"http:\/\/besmacargo.com\/es-es\/wp-json\/wp\/v2\/pages\/395\/revisions\/628"}],"wp:attachment":[{"href":"http:\/\/besmacargo.com\/es-es\/wp-json\/wp\/v2\/media?parent=395"}],"curies":[{"name":"wp","href":"https:\/\/api.w.org\/{rel}","templated":true}]}}